{"id":1860,"date":"2020-11-10T11:33:57","date_gmt":"2020-11-10T16:33:57","guid":{"rendered":"http:\/\/15.157.196.9\/?post_type=expositions&#038;p=1860"},"modified":"2022-01-13T13:20:26","modified_gmt":"2022-01-13T18:20:26","slug":"carole-freve-glass-sculptor","status":"publish","type":"expositions","link":"https:\/\/www.mumaq.ca\/en\/expositions\/carole-freve-glass-sculptor\/","title":{"rendered":"Interlaced Stories: Carole Fr\u00e8ve, Glass Artist"},"content":{"rendered":"<p>Carole Fr\u00e8ve has always included two major components in her work: on the one hand, constant research on the combined techniques of glass and electro-formed copper and, on the other, the story the work tells the observer. Come and discover, through storytelling, the evolution of her favourite themes over the span of a 20-year career.<\/p>\n<p>Curator: Bruno Andrus<\/p>\n","protected":false},"featured_media":3183,"template":"","type_exposition":[45],"class_list":["post-1860","expositions","type-expositions","status-publish","has-post-thumbnail","hentry","type_exposition-temporaire-en"],"acf":[],"yoast_head":"<!-- This site is optimized with the Yoast SEO plugin v23.5 - https:\/\/yoast.com\/wordpress\/plugins\/seo\/ -->\n<title>Interlaced Stories: Carole Fr\u00e8ve, Glass Artist - MUMAQ<\/title>\n<meta name=\"robots\" content=\"index, follow, max-snippet:-1, max-image-preview:large, max-video-preview:-1\" \/>\n<link rel=\"canonical\" href=\"https:\/\/www.mumaq.ca\/en\/expositions\/carole-freve-glass-sculptor\/\" \/>\n<meta property=\"og:locale\" content=\"en_US\" \/>\n<meta property=\"og:type\" content=\"article\" \/>\n<meta property=\"og:title\" content=\"Interlaced Stories: Carole Fr\u00e8ve, Glass Artist - MUMAQ\" \/>\n<meta property=\"og:description\" content=\"Carole Fr\u00e8ve has always included two major components in her work: on the one hand, constant research on the combined techniques of glass and electro-formed copper and, on the other, the story the work tells the observer. Come and discover, through storytelling, the evolution of her favourite themes over the span of a 20-year career. &hellip; Continued\" \/>\n<meta property=\"og:url\" content=\"https:\/\/www.mumaq.ca\/en\/expositions\/carole-freve-glass-sculptor\/\" \/>\n<meta property=\"og:site_name\" content=\"MUMAQ\" \/>\n<meta property=\"article:publisher\" content=\"https:\/\/www.facebook.com\/MuseeMetiersdartQuebec\" \/>\n<meta property=\"article:modified_time\" content=\"2022-01-13T18:20:26+00:00\" \/>\n<meta property=\"og:image\" content=\"https:\/\/www.mumaq.com\/wp-content\/uploads\/2020\/10\/AIre-de-repos-e1635451490671.jpg\" \/>\n\t<meta property=\"og:image:width\" content=\"1187\" \/>\n\t<meta property=\"og:image:height\" content=\"1584\" \/>\n\t<meta property=\"og:image:type\" content=\"image\/jpeg\" \/>\n<meta name=\"twitter:card\" content=\"summary_large_image\" \/>\n<script type=\"application\/ld+json\" class=\"yoast-schema-graph\">{\"@context\":\"https:\/\/schema.org\",\"@graph\":[{\"@type\":\"WebPage\",\"@id\":\"https:\/\/www.mumaq.ca\/en\/expositions\/carole-freve-glass-sculptor\/\",\"url\":\"https:\/\/www.mumaq.ca\/en\/expositions\/carole-freve-glass-sculptor\/\",\"name\":\"Interlaced Stories: Carole Fr\u00e8ve, Glass Artist - MUMAQ\",\"isPartOf\":{\"@id\":\"https:\/\/www.mumaq.com\/#website\"},\"primaryImageOfPage\":{\"@id\":\"https:\/\/www.mumaq.ca\/en\/expositions\/carole-freve-glass-sculptor\/#primaryimage\"},\"image\":{\"@id\":\"https:\/\/www.mumaq.ca\/en\/expositions\/carole-freve-glass-sculptor\/#primaryimage\"},\"thumbnailUrl\":\"https:\/\/www.mumaq.ca\/wp-content\/uploads\/2020\/10\/AIre-de-repos-e1635451490671.jpg\",\"datePublished\":\"2020-11-10T16:33:57+00:00\",\"dateModified\":\"2022-01-13T18:20:26+00:00\",\"breadcrumb\":{\"@id\":\"https:\/\/www.mumaq.ca\/en\/expositions\/carole-freve-glass-sculptor\/#breadcrumb\"},\"inLanguage\":\"en-US\",\"potentialAction\":[{\"@type\":\"ReadAction\",\"target\":[\"https:\/\/www.mumaq.ca\/en\/expositions\/carole-freve-glass-sculptor\/\"]}]},{\"@type\":\"ImageObject\",\"inLanguage\":\"en-US\",\"@id\":\"https:\/\/www.mumaq.ca\/en\/expositions\/carole-freve-glass-sculptor\/#primaryimage\",\"url\":\"https:\/\/www.mumaq.ca\/wp-content\/uploads\/2020\/10\/AIre-de-repos-e1635451490671.jpg\",\"contentUrl\":\"https:\/\/www.mumaq.ca\/wp-content\/uploads\/2020\/10\/AIre-de-repos-e1635451490671.jpg\",\"width\":1187,\"height\":1584},{\"@type\":\"BreadcrumbList\",\"@id\":\"https:\/\/www.mumaq.ca\/en\/expositions\/carole-freve-glass-sculptor\/#breadcrumb\",\"itemListElement\":[{\"@type\":\"ListItem\",\"position\":1,\"name\":\"Accueil\",\"item\":\"https:\/\/www.mumaq.com\/en\/\"},{\"@type\":\"ListItem\",\"position\":2,\"name\":\"Interlaced Stories: Carole Fr\u00e8ve, Glass Artist\"}]},{\"@type\":\"WebSite\",\"@id\":\"https:\/\/www.mumaq.com\/#website\",\"url\":\"https:\/\/www.mumaq.com\/\",\"name\":\"MUMAQ\",\"description\":\"Mus\u00e9e des m\u00e9tiers d&#039;art du Qu\u00e9bec\",\"publisher\":{\"@id\":\"https:\/\/www.mumaq.com\/#organization\"},\"potentialAction\":[{\"@type\":\"SearchAction\",\"target\":{\"@type\":\"EntryPoint\",\"urlTemplate\":\"https:\/\/www.mumaq.com\/?s={search_term_string}\"},\"query-input\":{\"@type\":\"PropertyValueSpecification\",\"valueRequired\":true,\"valueName\":\"search_term_string\"}}],\"inLanguage\":\"en-US\"},{\"@type\":\"Organization\",\"@id\":\"https:\/\/www.mumaq.com\/#organization\",\"name\":\"MUMAQ\",\"url\":\"https:\/\/www.mumaq.com\/\",\"logo\":{\"@type\":\"ImageObject\",\"inLanguage\":\"en-US\",\"@id\":\"https:\/\/www.mumaq.com\/#\/schema\/logo\/image\/\",\"url\":\"https:\/\/www.mumaq.com\/wp-content\/uploads\/2020\/12\/Pastille-transparente-1.png\",\"contentUrl\":\"https:\/\/www.mumaq.com\/wp-content\/uploads\/2020\/12\/Pastille-transparente-1.png\",\"width\":600,\"height\":600,\"caption\":\"MUMAQ\"},\"image\":{\"@id\":\"https:\/\/www.mumaq.com\/#\/schema\/logo\/image\/\"},\"sameAs\":[\"https:\/\/www.facebook.com\/MuseeMetiersdartQuebec\",\"https:\/\/www.instagram.com\/museedesmetiersdartduquebec\/?hl=fr-ca\",\"https:\/\/www.linkedin.com\/company\/musee-des-maitres-et-artisans-du-quebec\/\",\"https:\/\/www.youtube.com\/user\/MuseeMAQ\"]}]}<\/script>\n<!-- \/ Yoast SEO plugin. -->","yoast_head_json":{"title":"Interlaced Stories: Carole Fr\u00e8ve, Glass Artist - MUMAQ","robots":{"index":"index","follow":"follow","max-snippet":"max-snippet:-1","max-image-preview":"max-image-preview:large","max-video-preview":"max-video-preview:-1"},"canonical":"https:\/\/www.mumaq.ca\/en\/expositions\/carole-freve-glass-sculptor\/","og_locale":"en_US","og_type":"article","og_title":"Interlaced Stories: Carole Fr\u00e8ve, Glass Artist - MUMAQ","og_description":"Carole Fr\u00e8ve has always included two major components in her work: on the one hand, constant research on the combined techniques of glass and electro-formed copper and, on the other, the story the work tells the observer. Come and discover, through storytelling, the evolution of her favourite themes over the span of a 20-year career. &hellip; Continued","og_url":"https:\/\/www.mumaq.ca\/en\/expositions\/carole-freve-glass-sculptor\/","og_site_name":"MUMAQ","article_publisher":"https:\/\/www.facebook.com\/MuseeMetiersdartQuebec","article_modified_time":"2022-01-13T18:20:26+00:00","og_image":[{"width":1187,"height":1584,"url":"https:\/\/www.mumaq.com\/wp-content\/uploads\/2020\/10\/AIre-de-repos-e1635451490671.jpg","type":"image\/jpeg"}],"twitter_card":"summary_large_image","schema":{"@context":"https:\/\/schema.org","@graph":[{"@type":"WebPage","@id":"https:\/\/www.mumaq.ca\/en\/expositions\/carole-freve-glass-sculptor\/","url":"https:\/\/www.mumaq.ca\/en\/expositions\/carole-freve-glass-sculptor\/","name":"Interlaced Stories: Carole Fr\u00e8ve, Glass Artist - MUMAQ","isPartOf":{"@id":"https:\/\/www.mumaq.com\/#website"},"primaryImageOfPage":{"@id":"https:\/\/www.mumaq.ca\/en\/expositions\/carole-freve-glass-sculptor\/#primaryimage"},"image":{"@id":"https:\/\/www.mumaq.ca\/en\/expositions\/carole-freve-glass-sculptor\/#primaryimage"},"thumbnailUrl":"https:\/\/www.mumaq.ca\/wp-content\/uploads\/2020\/10\/AIre-de-repos-e1635451490671.jpg","datePublished":"2020-11-10T16:33:57+00:00","dateModified":"2022-01-13T18:20:26+00:00","breadcrumb":{"@id":"https:\/\/www.mumaq.ca\/en\/expositions\/carole-freve-glass-sculptor\/#breadcrumb"},"inLanguage":"en-US","potentialAction":[{"@type":"ReadAction","target":["https:\/\/www.mumaq.ca\/en\/expositions\/carole-freve-glass-sculptor\/"]}]},{"@type":"ImageObject","inLanguage":"en-US","@id":"https:\/\/www.mumaq.ca\/en\/expositions\/carole-freve-glass-sculptor\/#primaryimage","url":"https:\/\/www.mumaq.ca\/wp-content\/uploads\/2020\/10\/AIre-de-repos-e1635451490671.jpg","contentUrl":"https:\/\/www.mumaq.ca\/wp-content\/uploads\/2020\/10\/AIre-de-repos-e1635451490671.jpg","width":1187,"height":1584},{"@type":"BreadcrumbList","@id":"https:\/\/www.mumaq.ca\/en\/expositions\/carole-freve-glass-sculptor\/#breadcrumb","itemListElement":[{"@type":"ListItem","position":1,"name":"Accueil","item":"https:\/\/www.mumaq.com\/en\/"},{"@type":"ListItem","position":2,"name":"Interlaced Stories: Carole Fr\u00e8ve, Glass Artist"}]},{"@type":"WebSite","@id":"https:\/\/www.mumaq.com\/#website","url":"https:\/\/www.mumaq.com\/","name":"MUMAQ","description":"Mus\u00e9e des m\u00e9tiers d&#039;art du Qu\u00e9bec","publisher":{"@id":"https:\/\/www.mumaq.com\/#organization"},"potentialAction":[{"@type":"SearchAction","target":{"@type":"EntryPoint","urlTemplate":"https:\/\/www.mumaq.com\/?s={search_term_string}"},"query-input":{"@type":"PropertyValueSpecification","valueRequired":true,"valueName":"search_term_string"}}],"inLanguage":"en-US"},{"@type":"Organization","@id":"https:\/\/www.mumaq.com\/#organization","name":"MUMAQ","url":"https:\/\/www.mumaq.com\/","logo":{"@type":"ImageObject","inLanguage":"en-US","@id":"https:\/\/www.mumaq.com\/#\/schema\/logo\/image\/","url":"https:\/\/www.mumaq.com\/wp-content\/uploads\/2020\/12\/Pastille-transparente-1.png","contentUrl":"https:\/\/www.mumaq.com\/wp-content\/uploads\/2020\/12\/Pastille-transparente-1.png","width":600,"height":600,"caption":"MUMAQ"},"image":{"@id":"https:\/\/www.mumaq.com\/#\/schema\/logo\/image\/"},"sameAs":["https:\/\/www.facebook.com\/MuseeMetiersdartQuebec","https:\/\/www.instagram.com\/museedesmetiersdartduquebec\/?hl=fr-ca","https:\/\/www.linkedin.com\/company\/musee-des-maitres-et-artisans-du-quebec\/","https:\/\/www.youtube.com\/user\/MuseeMAQ"]}]}},"_links":{"self":[{"href":"https:\/\/www.mumaq.ca\/en\/wp-json\/wp\/v2\/expositions\/1860"}],"collection":[{"href":"https:\/\/www.mumaq.ca\/en\/wp-json\/wp\/v2\/expositions"}],"about":[{"href":"https:\/\/www.mumaq.ca\/en\/wp-json\/wp\/v2\/types\/expositions"}],"wp:featuredmedia":[{"embeddable":true,"href":"https:\/\/www.mumaq.ca\/en\/wp-json\/wp\/v2\/media\/3183"}],"wp:attachment":[{"href":"https:\/\/www.mumaq.ca\/en\/wp-json\/wp\/v2\/media?parent=1860"}],"wp:term":[{"taxonomy":"type_exposition","embeddable":true,"href":"https:\/\/www.mumaq.ca\/en\/wp-json\/wp\/v2\/type_exposition?post=1860"}],"curies":[{"name":"wp","href":"https:\/\/api.w.org\/{rel}","templated":true}]}}